{"version":"1.0","provider_name":"Otthontervez\u00e9s","provider_url":"https:\/\/credoart.cafeblog.hu","author_name":"marianna andruk","author_url":"https:\/\/credoart.cafeblog.hu\/author\/andrukmariannagmail-com\/","title":"Chill...","html":"<p>Szeretem, mert<strong> \u0150SZ!<\/strong> Gy\u00f6ny\u00f6r\u0171 \u00e9vszak! Csodasz\u00e9p sz\u00ednekkel var\u00e1zsolja el a t\u00e1jat! Valami elb\u00fajik, valami elm\u00falik. F\u00e1radt a naps\u00fct\u00e9s is, am\u00edg tart, de a f\u00e9nye m\u00e1gikuss\u00e1 teszi\u00a0ezt a szomork\u00e1ss\u00e1 v\u00e1l\u00f3 vil\u00e1got. Hamarabb lesz s\u00f6t\u00e9t, \u00e9s lassan mi is hozz\u00e1szokunk ahhoz, hogy azt a kev\u00e9ske napf\u00e9nyt esszenci\u00e1lisan sz\u00edvjuk magunkba. A ny\u00e1r elk\u00e9nyeztetett, csak faltuk a ragyog\u00e1st, az \u0151sz m\u00e9g csepegtet valamicsk\u00e9t ebb\u0151l, azt\u00e1n a naps\u00fct\u00e9s a maga f\u00e9ny\u00e9vel, meleg\u00e9vel sz\u00e9pen pihenni t\u00e9r a\u00a0t\u00e9li \u00e9vszak m\u00f6g\u00e9, gondolom er\u0151t gy\u0171jteni...\u00a0Ezek az\u00a0eleve elrendelt dolgok, ami ellen k\u00e1r szembe menni.\u00a0<\/p>\r\n<p>Reggel, mikor vad sz\u00e9l seper v\u00e9gig az utc\u00e1n, sz\u00e1llnak a falevelek, k\u00f6zeleg a t\u00e9l, s \u00e9n egyed\u00fcl didergek. Elszomor\u00edt a mag\u00e1ny a zord s\u00f6t\u00e9ts\u00e9g.\u00a0 \u00c9n is hadban \u00e1llok a sz\u00edvemmel, \u00e9s a meg\u00fajul\u00e1ssal. Esk\u00fcsz\u00f6m, dolgozom rajta! De....De, az \u0150sz azt \u00fczeni, hogy m\u00e9g van rem\u00e9ny.\u00a0 Becsukott szemmel, f\u00e9lve l\u00e9pek egyet el\u0151re, befogadom az \u00e9lm\u00e9nyeket, elfogadom a vele j\u00e1r\u00f3 v\u00e1gyakoz\u00e1st egy rem\u00e9lt jobb fel\u00e9. Az \u0150sz p\u00e9ld\u00e1t mutat, \u00e9s id\u0151t ad! Lecsendesed\u00e9shez, elb\u00faj\u00e1shoz, meg\u00fajul\u00e1shoz. Mindig ott vannak a jelek, csak \u00e9szre kell \u0151ket venn\u00fcnk.<\/p>\r\n<p>El\u0151tte persze, hagyni k\u00e9ne elm\u00falni, minden marad\u00e9k\u00e1t a m\u00faltban hagyott \u00e9letnek.\u00a0Igen!\u00a0K\u00f6nny\u0171 ezt \u00edgy elmondani, mert a sz\u00edv\u00fcnk nem hallgat a j\u00f3zan\u00e9sz szav\u00e1ra. Csak m\u0171k\u00f6dik, csak \u00e9rez, \u00e9s term\u00e9szetesen s\u00fcket \u00e9s vak! Csak d\u00fcb\u00f6r\u00f6g a r\u00e9gi\u00e9rt, szinte kiszakad a testb\u0151l, ragaszkodik \u00e9s vadul tombol, hogy kiord\u00edthassa mag\u00e1b\u00f3l, hogy m\u00e9g mindig tele van a m\u00falttal, nincs \u00fcres hely, nem f\u00e9r el benne semmi m\u00e1s!<\/p>\r\n<p>Okul\u00e1sul...Tanulj az \u0150SZ-t\u0151l!<\/p>\r\n<p>Tal\u00e1n ez\u00e9rt is csatolom most egy csal\u00e1di h\u00e1z h\u00e1l\u00f3szoba terveit ide, mert a tulajdonosok igazi \u0151sz t\u00edpus\u00fa fiatalok, sz\u00fcrke bronz jegyekkel. Sz\u00e1mukra terveztem ezt a nyugodt \"minden sallang mentes\" szob\u00e1t. Van ebben valami megfoghatatlan \u00e9s eredeti. Ebb\u0151l m\u00e9g b\u00e1rmi lehet! Egy sz\u00ednes p\u00e1rna, \u00e9s vid\u00e1m \u00e1gytakar\u00f3 \u00e9s k\u00e1pr\u00e1zatos sz\u0151nyeg \u00e9s a szoba k\u00e9sz sim\u00e1n meg\u00fajulni! Egyszer\u0171 \u00e9s kev\u00e9s plusz kell hozz\u00e1!<\/p>\r\n[caption id=\"attachment_8898081\" align=\"aligncenter\" width=\"600\"]<img class=\"wp-image-8898081 size-large\" src=\"https:\/\/credoart.cafeblog.hu\/files\/2017\/11\/ACCamera-600x450.jpg\" alt=\"\" width=\"600\" height=\"450\" \/> H\u00e1l\u00f3szoba[\/caption]\r\n[caption id=\"attachment_8898082\" align=\"aligncenter\" width=\"600\"]<img class=\"wp-image-8898082 size-large\" src=\"https:\/\/credoart.cafeblog.hu\/files\/2017\/11\/ACCamera_5-600x450.jpg\" alt=\"\" width=\"600\" height=\"450\" \/> \u00c1gy fejv\u00e9g[\/caption]\r\n[caption id=\"attachment_8898083\" align=\"aligncenter\" width=\"600\"]<img class=\"wp-image-8898083 size-large\" src=\"https:\/\/credoart.cafeblog.hu\/files\/2017\/11\/ACCamera_2-600x450.jpg\" alt=\"\" width=\"600\" height=\"450\" \/> H\u00e1l\u00f3szoba[\/caption]\r\n<p>Ha a v\u00e9g\u00e9re \u00e9rsz annak, amit tudnod kell, ott \u00e1llsz annak a kezdet\u00e9n\u00e9l, amit \u00e9rezned kellene.\u00a0Ha a lelked m\u00e9ly\u00e9re n\u00e9zel \u00e9s megk\u00e9rdezed\u00a0 magadt\u00f3l\u00a0 mit \u00e9rzel, vajon t\u00e9nyleg nem \u00e9ri -e meg \u00fajra\u00e9p\u00edteni az \u00e9letedet, mint ahogy az \u00e9vszakok teszik? Teszik rend\u00fcletlen\u00fcl a meg\u00fajul\u00e1s\u00e9rt, az \u00f6nn\u00f6n \u00e9s am\u00fagy mindenki boldogs\u00e1g\u00e9rt? TE, Magad\u00e9rt mi\u00e9rt ne tenn\u00e9d meg? Pr\u00f3b\u00e1ld meg, \u00e9rezd!\u00a0<\/p>\r\n<p>V\u00e9gezet\u00fcl! Ne\u00a0hagyjon el a hited, \u00e9s a\u00a0\u201cvalami jobb lesz majd csat\u00e1ban\u201d ne vesz\u00edtsd el azt, ami t\u00f6k\u00e9letes lenne sz\u00e1modra.\u00a0<br \/> \u00d6lellek (m)\u00a0<\/p>\r\n<p>&nbsp;<\/p>","type":"rich","thumbnail_url":"https:\/\/credoart.cafeblog.hu\/files\/2017\/11\/ACCamera-1-150x150.jpg","thumbnail_width":150,"thumbnail_height":150}